{"id":19021,"date":"2024-04-15T11:57:40","date_gmt":"2024-04-15T14:57:40","guid":{"rendered":"https:\/\/estudiohma.com\/?post_type=cpt_proyectos&#038;p=19021"},"modified":"2026-02-10T21:06:47","modified_gmt":"2026-02-11T00:06:47","slug":"edificio-del-plata","status":"publish","type":"cpt_proyectos","link":"https:\/\/estudiohma.com\/en\/proyecto\/edificio-del-plata\/","title":{"rendered":"Edificio del Plata"},"content":{"rendered":"<p>[vc_row css=&#8221;.vc_custom_1548567810622{background-position: center !important;background-repeat: no-repeat !important;background-size: cover !important;}&#8221;][vc_column][vc_text_separator title=&#8221;Services&#8221; title_align=&#8221;separator_align_left&#8221; align=&#8221;align_left&#8221; color=&#8221;black&#8221; border_width=&#8221;5&#8243; el_width=&#8221;40&#8243; el_class=&#8221;subtitle-servicios&#8221;][vc_row_inner css=&#8221;.vc_custom_1546649310770{margin-bottom: 4% !important;}&#8221;][vc_column_inner el_class=&#8221;content-servicios&#8221; width=&#8221;1\/5&#8243;]<div class=\"info-wrapper ult-adjust-bottom-margin\"><div id=\"info-circle-wrapper-69eda9287f20d\" data-uniqid=\"69eda9287f20d\" class=\"info-circle-wrapper  info-circle-responsive \" data-half-percentage=\"70\" data-circle-type=\"full-circle\"><div class=\"info-c-full-br\" style='width:50%;opacity:0;' data-start-degree=\"90\" data-divert=\"\" data-info-circle-angle=\"full\" data-responsive-circle=\"on\" data-responsive-breakpoint=\"800\" data-launch=\"linear\" data-launch-duration=\"1\" data-launch-delay=\"0.2\" data-slide-true=\"off\" data-slide-duration=\"3\" data-icon-size=\"32\" data-icon-show=\"not-show\" data-icon-show-size=\"\" data-highlight-style=\"info-circle-highlight-style\" data-focus-on=\"hover\"><div  class=\"icon-circle-list\"><div class=\"info-circle-icons  info-circle-icon-without-background \" style=\"\" ><i class=\" info-circle-icon\" ><\/i><\/div><div class=\"info-details\" data-icon-class=\"ult-info-circle-icon\"><div class=\"info-circle-def\"><div  class=\"info-circle-sub-def\"><i class=\" info-circle-icon\" ><\/i><div class=\"responsive-font-class ult-responsive\" ><h3  data-ultimate-target='#info-cirlce-wrap-3508 .responsive-font-class h3.new-cust-responsive-class'  data-responsive-json-new='{\"font-size\":\"desktop:18px;\",\"line-height\":\"desktop:30px;\"}'  class=\"info-circle-heading ult-responsive new-cust-responsive-class\" style=\"font-weight:bold;\">CD<\/h3><div  class=\"info-circle-text \" style=\"font-weight:normal;\"><\/div><\/div><\/div><\/div><\/div><\/div><div id=\"info-cirlce-wrap-3508\" class=\"info-c-full\" style=\"border:1px solid #979797;background-color:;color:;width:80%;height:80%;margin:10%;\"><div class=\"info-c-full-wrap\"><\/div><\/div><\/div><div class=\"smile_icon_list_wrap \" data-content_bg=\"\" data-content_color=\"\">\r\n\t\t\t\t\t\t\t<ul id=\"info-cirlce-wrap-3508\" class=\"smile_icon_list left circle with_bg\"><li class=\"icon_list_item\" style=\"font-size:96px;\">\r\n\t\t\t\t\t\t\t\t\t<div class=\"icon_list_icon\" style=\"font-size:32px;width:32px;height:32px;line-height:1;\">\r\n\t\t\t\t\t\t\t\t\t\t<i class=\"smt-pencil\"><\/i>\r\n\t\t\t\t\t\t\t\t\t<\/div>\r\n\t\t\t\t\t\t\t\t\t<div  class=\"icon_description\" style=\"font-size:32px;\">\r\n\t\t\t\t\t\t\t\t\t\t<div class=\"responsive-font-class ult-responsive\"  data-ultimate-target='#info-cirlce-wrap-3508 .responsive-font-class *'  data-responsive-json-new='{\"font-size\":\"\",\"line-height\":\"\"}'  style=\"font-weight:normal;\">\r\n\t\t\t\t\t\t\t\t\t\t\t<h3  data-ultimate-target='#info-cirlce-wrap-3508 .responsive-font-class h3.new-cust-responsive-class'  data-responsive-json-new='{\"font-size\":\"desktop:18px;\",\"line-height\":\"desktop:30px;\"}'  class=\"ult-responsive new-cust-responsive-class\" style=\"font-weight:bold;\"><\/h3>\r\n\t\t\t\t\t\t\t\t\t\t\t<p><\/p>\r\n\t\t\t\t\t\t\t\t\t\t<\/div>\r\n\t\t\t\t\t\t\t\t\t<\/div>\r\n\t\t\t\t\t\t\t\t\t<div class=\"icon_list_connector\" style=\" border-style:none;border-color:; left:16px; top:32px;\">\r\n\t\t\t\t\t\t\t\t\t<\/div><\/li><\/ul>\r\n\t\t\t\t\t\t<\/div><\/div><\/div>[vc_column_text css=&#8221;.vc_custom_1739987143899{margin-bottom: 0px !important;padding-bottom: 0px !important;}&#8221;]Concept Design &amp; Art[\/vc_column_text][vc_custom_heading text=&#8221;HMA Arquitectos&#8221; font_container=&#8221;tag:h6|font_size:11px|text_align:center|color:%236e6e6e|line_height:15px&#8221; google_fonts=&#8221;font_family:Montserrat%3Aregular%2C700|font_style:400%20regular%3A400%3Anormal&#8221; css=&#8221;.vc_custom_1548444095854{margin-top: 0px !important;padding-top: 0px !important;}&#8221;][\/vc_column_inner][\/vc_row_inner][\/vc_column][\/vc_row][vc_row full_width=&#8221;stretch_row_content&#8221; css=&#8221;.vc_custom_1548545105542{margin-top: 0px !important;padding-top: 0px !important;}&#8221;][vc_column][vc_gallery type=&#8221;image_grid&#8221; images=&#8221;19002,19000,19004,19006,18996,18998,18994,18992,18982,18986,18970,18984,18942,18940,18976,18934,18932,18938,18954,18952,18968&#8243; img_size=&#8221;500&#215;500&#8243; css_animation=&#8221;fadeIn&#8221;][\/vc_column][\/vc_row][vc_row el_class=&#8221;memoria-descri&#8221;][vc_column][vc_text_separator title=&#8221;Memoria descriptiva&#8221; title_align=&#8221;separator_align_left&#8221; align=&#8221;align_left&#8221; color=&#8221;black&#8221; border_width=&#8221;5&#8243; el_width=&#8221;40&#8243; el_class=&#8221;subtitle-servicios&#8221;][vc_row_inner][vc_column_inner width=&#8221;1\/2&#8243;][vc_column_text]\u201c\u2026Hoy, el 63% del <strong>microcentro<\/strong>\u00a0corresponde a oficinas: m\u00e1s de 600 parcelas de oficinas por cada kil\u00f3metro cuadrado. En tanto, el espacio de viviendas es del 20% con menos de 200 parcelas de viviendas por cada kil\u00f3metro cuadrado\u2026\u201d<\/p>\n<p>A\u00f1o 2020 Pandemia Ciudad de Buenos Aires. La ciudad vac\u00edo de tr\u00e1fico y gente. Sus servicios cerrados, una migraci\u00f3n interna hacia la periferia. Microcentro, como nunca antes, sufre el abandono m\u00e1s importante desde sus inicios como meca del distrito financiero de la ciudad. Como consecuencia, los siguientes a\u00f1os comenzaron pol\u00edticas de reorganizaci\u00f3n de usos a trav\u00e9s de financiamiento y nuevas regulaciones impositivas.<\/p>\n<p>Los vac\u00edos de poblaci\u00f3n en los usos comerciales y ejecutivos de las manzanas del microcentro, muestran una nueva demograf\u00eda la cual utilizamos como disparador conceptual en nuestra propuesta. Este registro de llenos y vac\u00edos es un recurso que nos permite organizar una trama compositiva bajo un sistema de c\u00e9lulas replicables y aplicable en varias \u00e1reas de intervenci\u00f3n, en diversas escalas, materiales y texturas.<\/p>\n<p>Esta composici\u00f3n celular crea un mapa de texturas que organizan los solados, la vegetaci\u00f3n, el mobiliario tanto en la terraza como en la planta baja. Adem\u00e1s funciona como pieza morfol\u00f3gica la cual se pliega y admite un juego fractal<strong>, <\/strong>y seg\u00fan su aplicaci\u00f3n, da respuesta a diversas piezas que definen el interiorismo del edificio. Lo que, en definitiva, nos permiten a trav\u00e9s de su configuraci\u00f3n una suerte de mapa de texturas aplicables a todas sus \u00e1reas de intervenci\u00f3n. En el interior del monoambiente nuevamente hace su aparici\u00f3n el sistema materializado en una pieza que funciona como divisor y soporte de usos, bajo la misma consigna formal.[\/vc_column_text][\/vc_column_inner][vc_column_inner width=&#8221;1\/2&#8243;][vc_column_text]Desde la l\u00f3gica tect\u00f3nica la estrategia material tiene como objeto vestir parcialmente el edificio existente dejando registro visible del edificio original. El proyecto tiene una impronta industrial donde prevalecen los tonos en arena, grises, ciertos brillos y destellos focalizados en diversas \u00e1reas donde destacan cierta sofisticaci\u00f3n. La estrategia en la aplicaci\u00f3n de los cielorrasos deja ver entre sus intersticios la losa existente y sus instalaciones como parte de un grupo de texturas que comulgan entre lo existente y la intervenci\u00f3n contempor\u00e1nea. Las intervenciones con materiales p\u00e9treos aplicados dialogan con las columnas existentes de hormig\u00f3n cuyo tratamiento rustico de \u201cmartelinado\u201d act\u00faan resaltando la existencia de un contenedor con larga historia.<\/p>\n<p>La planta baja est\u00e1 integrada funcionalmente entre el hall y los comercios a trav\u00e9s de dos grandes portales de acceso e integrada visualmente entre la plaza del pasaje Carabelas y la acera sobre Carlos Pellegrini a trav\u00e9s de un sistema compositivo aplicada al solado y un cielorraso art\u00edstico\/lum\u00ednico transversal al edificio. Incorporamos un espacio de recepci\u00f3n que resuelve ambos accesos.<\/p>\n<p>Teniendo en consideraci\u00f3n los usos m\u00faltiples del edificio, la propuesta aborda la comunicaci\u00f3n y la arquigraf\u00eda integrado al dise\u00f1o hol\u00edstico de la propuesta. <strong>La v<\/strong><strong>egetaci\u00f3n nativa<\/strong> (gram\u00edneas, salvias, lavandas y herb\u00e1ceas) est\u00e1n organizadas dentro del sistema celular compositivo al igual que sus \u00e1rboles de poca ra\u00edz (Aguaribay, Anacahuita, Bahuina, Hacer palmatum, Citricos). El objeto art\u00edstico\/lum\u00ednico suspendido que act\u00faa como cielorraso, tambi\u00e9n responde a la misma composici\u00f3n \/ fractal.<\/p>\n<p>Los materiales escogidos adem\u00e1s de representar una est\u00e9tica industrial adem\u00e1s cumplen con ciertos requerimientos sustentables como es el ejemplo del cielorraso suspendido de fieltro ac\u00fastico (de componentes 100% reciclables), celulosa proyectada aplicada en losa, el screen planel, chapa geoclad Sw 1520, entre otros.<\/p>\n<p>Entendemos que la propuesta de interiorismo no solo debe cumplir con equilibrios compositivos sino adem\u00e1s con una coherencia conceptual donde confluya un criterio de \u201cdise\u00f1o hol\u00edstico\u201d que permita comprender la totalidad de un conjunto de elementos.[\/vc_column_text][\/vc_column_inner][\/vc_row_inner][\/vc_column][\/vc_row]<\/p>\n","protected":false},"featured_media":20080,"template":"","class_list":["post-19021","cpt_proyectos","type-cpt_proyectos","status-publish","has-post-thumbnail","hentry","tipo-hotels-en","tipo-residential-en","tipo-competitions","tipo-retail-2"],"yoast_head":"<!-- This site is optimized with the Yoast SEO plugin v27.2 - https:\/\/yoast.com\/product\/yoast-seo-wordpress\/ -->\n<title>Edificio del Plata - estudiohma<\/title>\n<meta name=\"robots\" content=\"index, follow, max-snippet:-1, max-image-preview:large, max-video-preview:-1\" \/>\n<link rel=\"canonical\" href=\"https:\/\/estudiohma.com\/en\/proyecto\/edificio-del-plata\/\" \/>\n<meta property=\"og:locale\" content=\"en_US\" \/>\n<meta property=\"og:type\" content=\"article\" \/>\n<meta property=\"og:title\" content=\"Edificio del Plata - estudiohma\" \/>\n<meta property=\"og:description\" content=\"[vc_row css=&#8221;.vc_custom_1548567810622{background-position: center !important;background-repeat: no-repeat !important;background-size: cover !important;}&#8221;][vc_column][vc_text_separator title=&#8221;Services&#8221; title_align=&#8221;separator_align_left&#8221; align=&#8221;align_left&#8221; color=&#8221;black&#8221; border_width=&#8221;5&#8243; el_width=&#8221;40&#8243; el_class=&#8221;subtitle-servicios&#8221;][vc_row_inner css=&#8221;.vc_custom_1546649310770{margin-bottom: 4% !important;}&#8221;][vc_column_inner el_class=&#8221;content-servicios&#8221; width=&#8221;1\/5&#8243;][vc_column_text css=&#8221;.vc_custom_1739987143899{margin-bottom: 0px !important;padding-bottom: 0px !important;}&#8221;]Concept Design &amp; Art[\/vc_column_text][vc_custom_heading text=&#8221;HMA Arquitectos&#8221; font_container=&#8221;tag:h6|font_size:11px|text_align:center|color:%236e6e6e|line_height:15px&#8221; google_fonts=&#8221;font_family:Montserrat%3Aregular%2C700|font_style:400%20regular%3A400%3Anormal&#8221; css=&#8221;.vc_custom_1548444095854{margin-top: 0px !important;padding-top: 0px !important;}&#8221;][\/vc_column_inner][\/vc_row_inner][\/vc_column][\/vc_row][vc_row full_width=&#8221;stretch_row_content&#8221; css=&#8221;.vc_custom_1548545105542{margin-top: 0px !important;padding-top: 0px !important;}&#8221;][vc_column][vc_gallery type=&#8221;image_grid&#8221; images=&#8221;19002,19000,19004,19006,18996,18998,18994,18992,18982,18986,18970,18984,18942,18940,18976,18934,18932,18938,18954,18952,18968&#8243; img_size=&#8221;500&#215;500&#8243; css_animation=&#8221;fadeIn&#8221;][\/vc_column][\/vc_row][vc_row el_class=&#8221;memoria-descri&#8221;][vc_column][vc_text_separator title=&#8221;Memoria descriptiva&#8221; title_align=&#8221;separator_align_left&#8221; align=&#8221;align_left&#8221; color=&#8221;black&#8221; border_width=&#8221;5&#8243; el_width=&#8221;40&#8243; [&hellip;]\" \/>\n<meta property=\"og:url\" content=\"https:\/\/estudiohma.com\/en\/proyecto\/edificio-del-plata\/\" \/>\n<meta property=\"og:site_name\" content=\"estudiohma\" \/>\n<meta property=\"article:publisher\" content=\"https:\/\/www.facebook.com\/estudiohma\" \/>\n<meta property=\"article:modified_time\" content=\"2026-02-11T00:06:47+00:00\" \/>\n<meta property=\"og:image\" content=\"https:\/\/estudiohma.com\/wp-content\/uploads\/2024\/04\/edificio-del-plata.png\" \/>\n\t<meta property=\"og:image:width\" content=\"1187\" \/>\n\t<meta property=\"og:image:height\" content=\"701\" \/>\n\t<meta property=\"og:image:type\" content=\"image\/png\" \/>\n<meta name=\"twitter:card\" content=\"summary_large_image\" \/>\n<meta name=\"twitter:label1\" content=\"Est. reading time\" \/>\n\t<meta name=\"twitter:data1\" content=\"4 minutes\" \/>\n<script type=\"application\/ld+json\" class=\"yoast-schema-graph\">{\"@context\":\"https:\/\/schema.org\",\"@graph\":[{\"@type\":\"WebPage\",\"@id\":\"https:\/\/estudiohma.com\/en\/proyecto\/edificio-del-plata\/\",\"url\":\"https:\/\/estudiohma.com\/en\/proyecto\/edificio-del-plata\/\",\"name\":\"Edificio del Plata - estudiohma\",\"isPartOf\":{\"@id\":\"https:\/\/estudiohma.com\/#website\"},\"primaryImageOfPage\":{\"@id\":\"https:\/\/estudiohma.com\/en\/proyecto\/edificio-del-plata\/#primaryimage\"},\"image\":{\"@id\":\"https:\/\/estudiohma.com\/en\/proyecto\/edificio-del-plata\/#primaryimage\"},\"thumbnailUrl\":\"https:\/\/estudiohma.com\/wp-content\/uploads\/2024\/04\/edificio-del-plata.png\",\"datePublished\":\"2024-04-15T14:57:40+00:00\",\"dateModified\":\"2026-02-11T00:06:47+00:00\",\"breadcrumb\":{\"@id\":\"https:\/\/estudiohma.com\/en\/proyecto\/edificio-del-plata\/#breadcrumb\"},\"inLanguage\":\"en-US\",\"potentialAction\":[{\"@type\":\"ReadAction\",\"target\":[\"https:\/\/estudiohma.com\/en\/proyecto\/edificio-del-plata\/\"]}]},{\"@type\":\"ImageObject\",\"inLanguage\":\"en-US\",\"@id\":\"https:\/\/estudiohma.com\/en\/proyecto\/edificio-del-plata\/#primaryimage\",\"url\":\"https:\/\/estudiohma.com\/wp-content\/uploads\/2024\/04\/edificio-del-plata.png\",\"contentUrl\":\"https:\/\/estudiohma.com\/wp-content\/uploads\/2024\/04\/edificio-del-plata.png\",\"width\":1187,\"height\":701},{\"@type\":\"BreadcrumbList\",\"@id\":\"https:\/\/estudiohma.com\/en\/proyecto\/edificio-del-plata\/#breadcrumb\",\"itemListElement\":[{\"@type\":\"ListItem\",\"position\":1,\"name\":\"Portada\",\"item\":\"https:\/\/estudiohma.com\/en\/hitzig-militello-architects-2\/\"},{\"@type\":\"ListItem\",\"position\":2,\"name\":\"Proyectos\",\"item\":\"https:\/\/estudiohma.com\/proyecto\/\"},{\"@type\":\"ListItem\",\"position\":3,\"name\":\"Edificio del Plata\"}]},{\"@type\":\"WebSite\",\"@id\":\"https:\/\/estudiohma.com\/#website\",\"url\":\"https:\/\/estudiohma.com\/\",\"name\":\"estudiohma\",\"description\":\"\",\"potentialAction\":[{\"@type\":\"SearchAction\",\"target\":{\"@type\":\"EntryPoint\",\"urlTemplate\":\"https:\/\/estudiohma.com\/?s={search_term_string}\"},\"query-input\":{\"@type\":\"PropertyValueSpecification\",\"valueRequired\":true,\"valueName\":\"search_term_string\"}}],\"inLanguage\":\"en-US\"}]}<\/script>\n<!-- \/ Yoast SEO plugin. -->","yoast_head_json":{"title":"Edificio del Plata - estudiohma","robots":{"index":"index","follow":"follow","max-snippet":"max-snippet:-1","max-image-preview":"max-image-preview:large","max-video-preview":"max-video-preview:-1"},"canonical":"https:\/\/estudiohma.com\/en\/proyecto\/edificio-del-plata\/","og_locale":"en_US","og_type":"article","og_title":"Edificio del Plata - estudiohma","og_description":"[vc_row css=&#8221;.vc_custom_1548567810622{background-position: center !important;background-repeat: no-repeat !important;background-size: cover !important;}&#8221;][vc_column][vc_text_separator title=&#8221;Services&#8221; title_align=&#8221;separator_align_left&#8221; align=&#8221;align_left&#8221; color=&#8221;black&#8221; border_width=&#8221;5&#8243; el_width=&#8221;40&#8243; el_class=&#8221;subtitle-servicios&#8221;][vc_row_inner css=&#8221;.vc_custom_1546649310770{margin-bottom: 4% !important;}&#8221;][vc_column_inner el_class=&#8221;content-servicios&#8221; width=&#8221;1\/5&#8243;][vc_column_text css=&#8221;.vc_custom_1739987143899{margin-bottom: 0px !important;padding-bottom: 0px !important;}&#8221;]Concept Design &amp; Art[\/vc_column_text][vc_custom_heading text=&#8221;HMA Arquitectos&#8221; font_container=&#8221;tag:h6|font_size:11px|text_align:center|color:%236e6e6e|line_height:15px&#8221; google_fonts=&#8221;font_family:Montserrat%3Aregular%2C700|font_style:400%20regular%3A400%3Anormal&#8221; css=&#8221;.vc_custom_1548444095854{margin-top: 0px !important;padding-top: 0px !important;}&#8221;][\/vc_column_inner][\/vc_row_inner][\/vc_column][\/vc_row][vc_row full_width=&#8221;stretch_row_content&#8221; css=&#8221;.vc_custom_1548545105542{margin-top: 0px !important;padding-top: 0px !important;}&#8221;][vc_column][vc_gallery type=&#8221;image_grid&#8221; images=&#8221;19002,19000,19004,19006,18996,18998,18994,18992,18982,18986,18970,18984,18942,18940,18976,18934,18932,18938,18954,18952,18968&#8243; img_size=&#8221;500&#215;500&#8243; css_animation=&#8221;fadeIn&#8221;][\/vc_column][\/vc_row][vc_row el_class=&#8221;memoria-descri&#8221;][vc_column][vc_text_separator title=&#8221;Memoria descriptiva&#8221; title_align=&#8221;separator_align_left&#8221; align=&#8221;align_left&#8221; color=&#8221;black&#8221; border_width=&#8221;5&#8243; el_width=&#8221;40&#8243; [&hellip;]","og_url":"https:\/\/estudiohma.com\/en\/proyecto\/edificio-del-plata\/","og_site_name":"estudiohma","article_publisher":"https:\/\/www.facebook.com\/estudiohma","article_modified_time":"2026-02-11T00:06:47+00:00","og_image":[{"width":1187,"height":701,"url":"https:\/\/estudiohma.com\/wp-content\/uploads\/2024\/04\/edificio-del-plata.png","type":"image\/png"}],"twitter_card":"summary_large_image","twitter_misc":{"Est. reading time":"4 minutes"},"schema":{"@context":"https:\/\/schema.org","@graph":[{"@type":"WebPage","@id":"https:\/\/estudiohma.com\/en\/proyecto\/edificio-del-plata\/","url":"https:\/\/estudiohma.com\/en\/proyecto\/edificio-del-plata\/","name":"Edificio del Plata - estudiohma","isPartOf":{"@id":"https:\/\/estudiohma.com\/#website"},"primaryImageOfPage":{"@id":"https:\/\/estudiohma.com\/en\/proyecto\/edificio-del-plata\/#primaryimage"},"image":{"@id":"https:\/\/estudiohma.com\/en\/proyecto\/edificio-del-plata\/#primaryimage"},"thumbnailUrl":"https:\/\/estudiohma.com\/wp-content\/uploads\/2024\/04\/edificio-del-plata.png","datePublished":"2024-04-15T14:57:40+00:00","dateModified":"2026-02-11T00:06:47+00:00","breadcrumb":{"@id":"https:\/\/estudiohma.com\/en\/proyecto\/edificio-del-plata\/#breadcrumb"},"inLanguage":"en-US","potentialAction":[{"@type":"ReadAction","target":["https:\/\/estudiohma.com\/en\/proyecto\/edificio-del-plata\/"]}]},{"@type":"ImageObject","inLanguage":"en-US","@id":"https:\/\/estudiohma.com\/en\/proyecto\/edificio-del-plata\/#primaryimage","url":"https:\/\/estudiohma.com\/wp-content\/uploads\/2024\/04\/edificio-del-plata.png","contentUrl":"https:\/\/estudiohma.com\/wp-content\/uploads\/2024\/04\/edificio-del-plata.png","width":1187,"height":701},{"@type":"BreadcrumbList","@id":"https:\/\/estudiohma.com\/en\/proyecto\/edificio-del-plata\/#breadcrumb","itemListElement":[{"@type":"ListItem","position":1,"name":"Portada","item":"https:\/\/estudiohma.com\/en\/hitzig-militello-architects-2\/"},{"@type":"ListItem","position":2,"name":"Proyectos","item":"https:\/\/estudiohma.com\/proyecto\/"},{"@type":"ListItem","position":3,"name":"Edificio del Plata"}]},{"@type":"WebSite","@id":"https:\/\/estudiohma.com\/#website","url":"https:\/\/estudiohma.com\/","name":"estudiohma","description":"","potentialAction":[{"@type":"SearchAction","target":{"@type":"EntryPoint","urlTemplate":"https:\/\/estudiohma.com\/?s={search_term_string}"},"query-input":{"@type":"PropertyValueSpecification","valueRequired":true,"valueName":"search_term_string"}}],"inLanguage":"en-US"}]}},"_links":{"self":[{"href":"https:\/\/estudiohma.com\/en\/wp-json\/wp\/v2\/cpt_proyectos\/19021","targetHints":{"allow":["GET"]}}],"collection":[{"href":"https:\/\/estudiohma.com\/en\/wp-json\/wp\/v2\/cpt_proyectos"}],"about":[{"href":"https:\/\/estudiohma.com\/en\/wp-json\/wp\/v2\/types\/cpt_proyectos"}],"wp:featuredmedia":[{"embeddable":true,"href":"https:\/\/estudiohma.com\/en\/wp-json\/wp\/v2\/media\/20080"}],"wp:attachment":[{"href":"https:\/\/estudiohma.com\/en\/wp-json\/wp\/v2\/media?parent=19021"}],"curies":[{"name":"wp","href":"https:\/\/api.w.org\/{rel}","templated":true}]}}